{"id":316,"date":"2026-01-15T09:29:18","date_gmt":"2026-01-15T08:29:18","guid":{"rendered":"https:\/\/lazarus.elk.pl\/?page_id=316"},"modified":"2026-01-22T09:28:24","modified_gmt":"2026-01-22T08:28:24","slug":"aoon-2026","status":"publish","type":"page","link":"https:\/\/lazarus.elk.pl\/?page_id=316","title":{"rendered":"AOON 2026"},"content":{"rendered":"\t\t<div data-elementor-type=\"wp-page\" data-elementor-id=\"316\" class=\"elementor elementor-316\" data-elementor-post-type=\"page\">\n\t\t\t\t\t\t\t<div class=\"elementor-element elementor-element-f7e1fdf e-flex e-con-boxed e-con e-parent\" data-id=\"f7e1fdf\" data-element_type=\"container\" data-settings=\"{&quot;content_width&quot;:&quot;boxed&quot;}\" data-core-v316-plus=\"true\">\n\t\t\t\t\t<div class=\"e-con-inner\">\n\t\t\t\t<div class=\"elementor-element elementor-element-7d6cc29 elementor-widget elementor-widget-heading\" data-id=\"7d6cc29\" data-element_type=\"widget\" data-widget_type=\"heading.default\">\n\t\t\t\t<div class=\"elementor-widget-container\">\n\t\t\t<style>\/*! elementor - v3.16.0 - 09-10-2023 *\/\n.elementor-heading-title{padding:0;margin:0;line-height:1}.elementor-widget-heading .elementor-heading-title[class*=elementor-size-]>a{color:inherit;font-size:inherit;line-height:inherit}.elementor-widget-heading .elementor-heading-title.elementor-size-small{font-size:15px}.elementor-widget-heading .elementor-heading-title.elementor-size-medium{font-size:19px}.elementor-widget-heading .elementor-heading-title.elementor-size-large{font-size:29px}.elementor-widget-heading .elementor-heading-title.elementor-size-xl{font-size:39px}.elementor-widget-heading .elementor-heading-title.elementor-size-xxl{font-size:59px}<\/style><h2 class=\"elementor-heading-title elementor-size-default\">AOON 2026<\/h2>\t\t<\/div>\n\t\t\t\t<\/div>\n\t\t\t\t<div class=\"elementor-element elementor-element-a680ad0 elementor-widget elementor-widget-text-editor\" data-id=\"a680ad0\" data-element_type=\"widget\" data-widget_type=\"text-editor.default\">\n\t\t\t\t<div class=\"elementor-widget-container\">\n\t\t\t<style>\/*! elementor - v3.16.0 - 09-10-2023 *\/\n.elementor-widget-text-editor.elementor-drop-cap-view-stacked .elementor-drop-cap{background-color:#69727d;color:#fff}.elementor-widget-text-editor.elementor-drop-cap-view-framed .elementor-drop-cap{color:#69727d;border:3px solid;background-color:transparent}.elementor-widget-text-editor:not(.elementor-drop-cap-view-default) .elementor-drop-cap{margin-top:8px}.elementor-widget-text-editor:not(.elementor-drop-cap-view-default) .elementor-drop-cap-letter{width:1em;height:1em}.elementor-widget-text-editor .elementor-drop-cap{float:left;text-align:center;line-height:1;font-size:50px}.elementor-widget-text-editor .elementor-drop-cap-letter{display:inline-block}<\/style>\t\t\t\t<p style=\"text-align: center;\"><strong>OG\u0141OSZENIE O NABORZE UCZESTNIK\u00d3W<\/strong><br \/>do Programu \u201eAsystent osobisty osoby z niepe\u0142nosprawno\u015bci\u0105\u201d dla Organizacji Pozarz\u0105dowych \u2013 edycja 2026<\/p><p><br \/><strong>1. Cel Programu<\/strong><br \/>Celem Programu jest zapewnienie osobom z niepe\u0142nosprawno\u015bciami wsparcia w postaci us\u0142ug asystencji osobistej, u\u0142atwiaj\u0105cych codzienne funkcjonowanie, zwi\u0119kszaj\u0105cych niezale\u017cno\u015b\u0107 oraz mo\u017cliwo\u015b\u0107 aktywnego uczestnictwa w \u017cyciu spo\u0142ecznym.<\/p><p><strong>2. Kto mo\u017ce zosta\u0107 uczestnikiem Programu?<\/strong><\/p><ul><li>dzieci od uko\u0144czenia 2. roku \u017cycia do uko\u0144czenia 16. roku \u017cycia posiadaj\u0105ce orzeczenie o niepe\u0142nosprawno\u015bci \u0142\u0105cznie ze wskazaniami w pkt 7 i 8 orzeczenia o niepe\u0142nosprawno\u015bci \u2013 konieczno\u015bci sta\u0142ej lub d\u0142ugotrwa\u0142ej opieki lub pomocy innej osoby w zwi\u0105zku ze znacznie ograniczon\u0105 mo\u017cliwo\u015bci\u0105 samodzielnej egzystencji oraz konieczno\u015bci sta\u0142ego wsp\u00f3\u0142udzia\u0142u na co dzie\u0144 opiekuna dziecka w procesie jego leczenia, rehabilitacji i edukacji oraz<\/li><li>osoby z niepe\u0142nosprawno\u015bciami posiadaj\u0105ce orzeczenie:<ul><li>o znacznym stopniu niepe\u0142nosprawno\u015bci albo<\/li><li>o umiarkowanym stopniu niepe\u0142nosprawno\u015bci, albo<\/li><li>traktowane na r\u00f3wni z orzeczeniami wymienionymi w lit. a i b, zgodnie z art. 5 i art. 62 ustawy z dnia 27 sierpnia 1997 r. o rehabilitacji zawodowej i spo\u0142ecznej oraz zatrudnianiu os\u00f3b niepe\u0142nosprawnych.<\/li><\/ul><\/li><\/ul><p>\u00a0<\/p><p>Us\u0142ugi asystencji przyznawane s\u0105 na podstawie Karty zg\u0142oszenia (za\u0142\u0105cznik nr 1 do Programu) oraz oceny indywidualnej sytuacji uczestnika, kt\u00f3ra obejmuje:<br \/>&#8211; potrzeby osoby z niepe\u0142nosprawno\u015bci\u0105 wymagaj\u0105cej wsparcia asystenta,<br \/>&#8211; poziom samodzielno\u015bci,<br \/>&#8211; mo\u017cliwo\u015bci uzyskania pomocy od innych os\u00f3b.<\/p><p><strong>3. Kryteria pierwsze\u0144stwa<\/strong><br \/>W pierwszej kolejno\u015bci us\u0142ugi asystencji przyznawane s\u0105 dla:<br \/>1) os\u00f3b z niepe\u0142nosprawno\u015bciami samotnie zamieszkuj\u0105cych i gospodaruj\u0105cych, kt\u00f3re nie korzystaj\u0105 ze wsparcia innych os\u00f3b, <strong>a nast\u0119pnie<\/strong><br \/>2) os\u00f3b z niepe\u0142nosprawno\u015bciami wsp\u00f3lnie zamieszkuj\u0105cych i gospodaruj\u0105cych, spe\u0142niaj\u0105cych warunki Programu i niemaj\u0105cych mo\u017cliwo\u015bci wzajemnego wsparcia, ani wsparcia innych os\u00f3b, <strong>a nast\u0119pnie<\/strong><br \/>3) dzieci i os\u00f3b z niepe\u0142nosprawno\u015bciami przebywaj\u0105cych w rodzinnej pieczy zast\u0119pczej, <strong>a nast\u0119pnie<\/strong><br \/>4) dzieci i os\u00f3b z niepe\u0142nosprawno\u015bciami przebywaj\u0105cych w plac\u00f3wkach opieku\u0144czo-wychowawczych typu rodzinnego.<\/p><p><strong>4. Termin i spos\u00f3b zg\u0142osze\u0144<\/strong><br \/>Osoby zainteresowane, proszone s\u0105 o wype\u0142nienie i podpisanie dokument\u00f3w, kt\u00f3re s\u0105 do pobrania:<br \/>&#8211; <a href=\"https:\/\/lazarus.elk.pl\/wp-content\/uploads\/Zalacznik-nr-1-do-Programu-AOON-NGO-2026-karta-zgloszenia.docx\" target=\"_blank\" rel=\"noopener\">Karta zg\u0142oszenia do Programu (za\u0142\u0105cznik nr 1)<\/a>,<br \/><a href=\"https:\/\/lazarus.elk.pl\/wp-content\/uploads\/Zalacznik-nr-2-do-Programu-AOON-NGO-2026-karta-zakresu-czynnosci.docx\" target=\"_blank\" rel=\"noopener\">&#8211; Karta zakresu czynno\u015bci asystenta (za\u0142\u0105cznik nr 2)<\/a>,<br \/>&#8211; <a href=\"https:\/\/lazarus.elk.pl\/wp-content\/uploads\/Zalacznik-nr-13-do-Programu-AOON-NGO-2026-klauzula-rodo.pdf\" target=\"_blank\" rel=\"noopener\">Klauzula informacyjna RODO (za\u0142\u0105cznik nr 13)<\/a>,<br \/>&#8211; <a href=\"https:\/\/lazarus.elk.pl\/wp-content\/uploads\/Klauzula-informacyjna-dla-uczestnika.docx\" target=\"_blank\" rel=\"noopener\">Klauzula informacyjna dla uczestnika PROGRAMU<\/a>,<br \/>&#8211; <a href=\"https:\/\/lazarus.elk.pl\/wp-content\/uploads\/Kwestionariusz-samooceny.doc\" target=\"_blank\" rel=\"noopener\">Kwestionariusz samooceny trudno\u015bci w zakresie wykonywania czynno\u015bci zwi\u0105zanych z funkcjonowaniem<\/a><\/p><p>Nale\u017cy do\u0142\u0105czy\u0107:<br \/>&#8211; Kopi\u0119 aktualnego orzeczenia o niepe\u0142nosprawno\u015bci lub dokumentu r\u00f3wnowa\u017cnego zgodnie z art. 5a i art. 62 ustawy z dnia 27 sierpnia 1997 r. o rehabilitacji zawodowej i spo\u0142ecznej.<\/p><p><strong>Wype\u0142nione dokumenty mo\u017cna z\u0142o\u017cy\u0107:<\/strong><\/p><p>&#8211; w siedzibie Stowarzyszenia Pomocy Humanitarnej im. \u015bw. \u0141azarza w E\u0142ku, ul. ks. pra\u0142. Mariana Szcz\u0119snego 1, od poniedzia\u0142ku do pi\u0105tku w godzinach od 8.00-16.00<br \/>&#8211; elektronicznie (skan) na adres e-mail: stowarzyszenie_lazarus.elk@wp.pl<\/p><p>Termin sk\u0142adania zg\u0142osze\u0144: od 23 stycznia 2026 r do 5 lutego 2026 r.<\/p><p><strong>5. Miejsce publikacji og\u0142oszenia<\/strong><\/p><p>Informacja o naborze jest upowszechniana:<br \/>&#8211; w siedzibie realizatora Programu w miejscu og\u00f3lnodost\u0119pnym,<br \/>&#8211; na stronie internetowej realizatora w zak\u0142adce \u201eAOON 2026\u201d,<\/p><p><strong>6. Dokumenty i informacje dost\u0119pne online<\/strong><\/p><p>Zgodnie z za\u0142o\u017ceniami Programu AOON 2026, na stronie internetowej realizatora, w zak\u0142adce \u201eAOON 2026\u201d, dost\u0119pne s\u0105 nast\u0119puj\u0105ce materia\u0142y:<\/p><p>&#8211; <a href=\"https:\/\/lazarus.elk.pl\/wp-content\/uploads\/PROGRAM-AOON-NGO-2026-1.pdf\" target=\"_blank\" rel=\"noopener\">dokument Programu AOON \u2013 edycja 2026<\/a>,<br \/>&#8211;\u00a0<a href=\"https:\/\/lazarus.elk.pl\/wp-content\/uploads\/Zalacznik-nr-1-do-Programu-AOON-NGO-2026-karta-zgloszenia.docx\" target=\"_blank\" rel=\"noopener\">wz\u00f3r Karty zg\u0142oszenia do Programu (za\u0142\u0105cznik nr 1)<\/a>,<br \/>&#8211; <a href=\"https:\/\/lazarus.elk.pl\/wp-content\/uploads\/Zalacznik-nr-2-do-Programu-AOON-NGO-2026-karta-zakresu-czynnosci.docx\" target=\"_blank\" rel=\"noopener\">wz\u00f3r Karty zakresu czynno\u015bci asystenta (za\u0142\u0105cznik nr 2)<\/a>,<br \/>&#8211; <a href=\"https:\/\/lazarus.elk.pl\/wp-content\/uploads\/Zalacznik-nr-3-do-Programu-AOON-NGO-2026-karta-realizacji-uslug.docx\" target=\"_blank\" rel=\"noopener\">wz\u00f3r Karty realizacji us\u0142ug asystencji osobistej (za\u0142\u0105cznik nr 3)<\/a>,<br \/>&#8211; <a href=\"https:\/\/lazarus.elk.pl\/wp-content\/uploads\/Zalacznik-nr-6-do-Programu-AOON-NGO-2026-ewidencja-przebiegu-pojazdu.doc\" target=\"_blank\" rel=\"noopener\">wz\u00f3r ewidencji przebiegu pojazdu (za\u0142\u0105cznik nr 6)<\/a>,<br \/>&#8211; <a href=\"https:\/\/lazarus.elk.pl\/wp-content\/uploads\/Zalacznik-nr-7-do-Programu-AOON-NGO-2026-ewidencja-przejazdu-innym-1.docx\" target=\"_blank\" rel=\"noopener\">wz\u00f3r ewidencji koszt\u00f3w przejazdu innym \u015brodkiem transportu, np. taks\u00f3wk\u0105 (za\u0142\u0105cznik nr 7)<\/a>,<br \/>&#8211; <a href=\"https:\/\/lazarus.elk.pl\/wp-content\/uploads\/Zalacznik-nr-5-do-Programu-AOON-NGO-2026-ewidencja-biletow.docx\" target=\"_blank\" rel=\"noopener\">wz\u00f3r ewidencji bilet\u00f3w komunikacyjnych (za\u0142\u0105cznik nr 5)<\/a>,<br \/>&#8211; <a href=\"https:\/\/lazarus.elk.pl\/wp-content\/uploads\/Dane-koordynatora-Programu.docx\" target=\"_blank\" rel=\"noopener\">dane koordynatora Programu (telefon, e-mail)<\/a>,<br \/>&#8211; <a href=\"https:\/\/lazarus.elk.pl\/wp-content\/uploads\/Adres-lokalu-realizatora-godz.pracy-dane-kontaktowe.docx\" target=\"_blank\" rel=\"noopener\">adres lokalu realizatora, godziny pracy oraz dane kontaktowe<\/a><br \/>&#8211; <a href=\"https:\/\/lazarus.elk.pl\/wp-content\/uploads\/Zalacznik-nr-13-do-Programu-AOON-NGO-2026-klauzula-rodo.pdf\" target=\"_blank\" rel=\"noopener\">klauzula informacyjna RODO (za\u0142\u0105cznik nr 13)<\/a><br \/>&#8211;<a href=\"https:\/\/lazarus.elk.pl\/wp-content\/uploads\/Klauzula-informacyjna-dla-uczestnika.docx\" target=\"_blank\" rel=\"noopener\"> klauzula informacyjna dla uczestnika Programu<\/a><br \/>&#8211; <a href=\"https:\/\/lazarus.elk.pl\/wp-content\/uploads\/Kwestionariusz-samooceny.doc\" target=\"_blank\" rel=\"noopener\">Kwestionariusz samooceny trudno\u015bci w zakresie wykonywania czynno\u015bci zwi\u0105zanych z funkcjonowaniem<\/a><\/p><p><strong>7. Dodatkowe informacje<\/strong><\/p><p>Szczeg\u00f3\u0142owe informacje na temat Programu \u201eAsystent osobisty osoby z niepe\u0142nosprawno\u015bci\u0105\u201d dla Organizacji Pozarz\u0105dowych \u2013 edycja 2026 dost\u0119pne s\u0105 na stronie Ministerstwa Rodziny, Pracy i Polityki Spo\u0142ecznej oraz u realizatora Programu.<\/p><p>www.gov.pl\/web\/rodzina\/otwarty-konkurs-ofert-w-ramach-programu-resortowego-ministra-rodziny-pracy-i-polityki-spolecznej-asystent-osobisty-osoby-z-niepelnosprawnoscia-dla-organizacji-pozarzadowych&#8211;edycja-2026<\/p><p><strong>Kontakt:<\/strong> Ma\u0142gorzata Wo\u015bkowiak, tel. 512-086-732, stowarzyszenie_lazarus.elk@wp.pl<\/p><p>\u00a0<\/p><p>\u00a0<\/p>\t\t\t\t\t\t<\/div>\n\t\t\t\t<\/div>\n\t\t\t\t\t<\/div>\n\t\t\t\t<\/div>\n\t\t\t\t\t\t\t<\/div>\n\t\t","protected":false},"excerpt":{"rendered":"<p>OG\u0141OSZENIE O NABORZE UCZESTNIK\u00d3Wdo Programu \u201eAsystent osobisty osoby z niepe\u0142nosprawno\u015bci\u0105\u201d dla Organizacji Pozarz\u0105dowych \u2013 edycja 2026 1. Cel ProgramuCelem Programu jest zapewnienie osobom z niepe\u0142nosprawno\u015bciami wsparcia w postaci us\u0142ug asystencji osobistej, u\u0142atwiaj\u0105cych codzienne funkcjonowanie, zwi\u0119kszaj\u0105cych niezale\u017cno\u015b\u0107 oraz mo\u017cliwo\u015b\u0107 aktywnego uczestnictwa w \u017cyciu spo\u0142ecznym. 2. Kto mo\u017ce zosta\u0107 uczestnikiem Programu? dzieci od uko\u0144czenia 2. roku \u017cycia [&hellip;]<\/p>\n","protected":false},"author":1,"featured_media":0,"parent":0,"menu_order":0,"comment_status":"closed","ping_status":"closed","template":"elementor_header_footer","meta":{"footnotes":""},"class_list":["post-316","page","type-page","status-publish","hentry"],"_links":{"self":[{"href":"https:\/\/lazarus.elk.pl\/index.php?rest_route=\/wp\/v2\/pages\/316","targetHints":{"allow":["GET"]}}],"collection":[{"href":"https:\/\/lazarus.elk.pl\/index.php?rest_route=\/wp\/v2\/pages"}],"about":[{"href":"https:\/\/lazarus.elk.pl\/index.php?rest_route=\/wp\/v2\/types\/page"}],"author":[{"embeddable":true,"href":"https:\/\/lazarus.elk.pl\/index.php?rest_route=\/wp\/v2\/users\/1"}],"replies":[{"embeddable":true,"href":"https:\/\/lazarus.elk.pl\/index.php?rest_route=%2Fwp%2Fv2%2Fcomments&post=316"}],"version-history":[{"count":13,"href":"https:\/\/lazarus.elk.pl\/index.php?rest_route=\/wp\/v2\/pages\/316\/revisions"}],"predecessor-version":[{"id":344,"href":"https:\/\/lazarus.elk.pl\/index.php?rest_route=\/wp\/v2\/pages\/316\/revisions\/344"}],"wp:attachment":[{"href":"https:\/\/lazarus.elk.pl\/index.php?rest_route=%2Fwp%2Fv2%2Fmedia&parent=316"}],"curies":[{"name":"wp","href":"https:\/\/api.w.org\/{rel}","templated":true}]}}